{"id":2009,"date":"2024-11-06T12:34:33","date_gmt":"2024-11-06T11:34:33","guid":{"rendered":"https:\/\/www.cullarvega.com\/guia-local\/?page_id=2009"},"modified":"2026-01-18T13:06:19","modified_gmt":"2026-01-18T12:06:19","slug":"ingreso-minimo-vital","status":"publish","type":"page","link":"https:\/\/www.cullarvega.com\/guia-local\/cita-previa-punto-vuela\/ingreso-minimo-vital\/","title":{"rendered":"Ingreso M\u00ednimo Vital"},"content":{"rendered":"\n<div style=\"height:100px\" aria-hidden=\"true\" class=\"wp-block-spacer\"><\/div>\n\n\n\n<h4 class=\"wp-block-heading has-black-color has-text-color has-link-color wp-elements-9b2fa53023b17d0c34f6519e75185988\"><strong>REQUISITOS PARA SOLICITAR EL INGRESO M\u00cdNIMO VITAL<\/strong><\/h4>\n\n\n\n<p class=\"has-black-color has-text-color has-link-color wp-elements-d7ef6245eaaf15de14d6f5e607aa2ae6\">El Ingreso M\u00ednimo Vital se conforma como una ayuda a nivel de <strong>unidad de convivencia<\/strong>, es decir, personas que viven en el mismo domicilio y que tienen un v\u00ednculo familiar.<\/p>\n\n\n\n<p class=\"has-black-color has-text-color has-link-color wp-elements-a1b954482367c59e851015825d406894\">&#8211; Tener <strong>residencia legal <\/strong>y <strong>efectiva <\/strong>en Espa\u00f1a de forma continuada durante el \u00faltimo a\u00f1o.<\/p>\n\n\n\n<p class=\"has-black-color has-text-color has-link-color wp-elements-fb4b5f005a8608ed27505852eaf4cc1d\">&#8211; Tener <strong>renta <\/strong>y <strong>patrimonio <\/strong>por debajo de ciertos umbrales.<\/p>\n\n\n\n<p class=\"has-black-color has-text-color has-link-color wp-elements-cddfcff38b5c1d7f792bc1918f818661\">&#8211; Que la unidad de convivencia est\u00e9 formada desde hace al menos <strong>seis meses.<\/strong><\/p>\n\n\n\n<p class=\"has-black-color has-text-color has-link-color wp-elements-d6d21a8555408fee9694a9dab73aa1fd\">&#8211; El titular de la prestaci\u00f3n debe tener<strong> al menos 23 a\u00f1os.<\/strong><\/p>\n\n\n\n<p class=\"has-black-color has-text-color has-link-color wp-elements-e2b914d8b6f5c57b712d856f93c3118c\">&#8211; <strong>No ser administrador <\/strong>de una sociedad mercantil.<\/p>\n\n\n\n<p class=\"has-black-color has-text-color has-link-color wp-elements-3f5fa090d03507e61858975400882fe5\">Adem\u00e1s de estos requisitos generales, existen <strong>requisitos adicionales<\/strong> que puedes consultar pulsando <strong><a href=\"https:\/\/www.seg-social.es\/wps\/portal\/wss\/internet\/Trabajadores\/PrestacionesPensionesTrabajadores\/65850d68-8d06-4645-bde7-05374ee42ac7\/requisitos#Requisitos\" target=\"_blank\" rel=\"noreferrer noopener\">aqu\u00ed<\/a><\/strong><\/p>\n\n\n\n<div style=\"height:50px\" aria-hidden=\"true\" class=\"wp-block-spacer\"><\/div>\n\n\n\n<p class=\"has-text-align-center has-black-color has-text-color has-link-color wp-elements-e7ecd6e06cd50df9692cca6b677aa98b\">___________<\/p>\n\n\n\n<div style=\"height:50px\" aria-hidden=\"true\" class=\"wp-block-spacer\"><\/div>\n\n\n\n<h4 class=\"wp-block-heading has-vivid-red-color has-text-color has-link-color wp-elements-2b4be0992b72968c7e853ec4c0a49f4e\"><strong>DOCUMENTOS OBLIGATORIOS PARA SOLICITAR EL INGRESO M\u00cdNIMO VITAL<\/strong><\/h4>\n\n\n\n<p class=\"has-black-color has-text-color has-link-color wp-elements-9cae2231a2b3496f0726fcacc1dcc501\">1. <strong>DNI o NIE&nbsp;<\/strong>(en el caso de extranjeros), tanto del solicitantes como de las personas mayores de edad que forman parte de la unidad de convivencia. <\/p>\n\n\n\n<p class=\"has-black-color has-text-color has-link-color wp-elements-1c3662ceb2c6eb90a0b6711829d3bf0e\"><strong>2.- Certificado Empadronamiento Hist\u00f3rico-Colectivo <\/strong><\/p>\n\n\n\n<p class=\"has-black-color has-text-color has-link-color wp-elements-4ece8c7676271c63609414798f8050a6\">3.- <strong>Declaraci\u00f3n de la Voluntad<\/strong> de solicitar la prestaci\u00f3n (<a href=\"https:\/\/www.cullarvega.com\/guia-local\/wp-content\/uploads\/2024\/11\/declaracion-de-voluntad.pdf\" target=\"_blank\" rel=\"noreferrer noopener\">Descargar modelo a cumplimentar<\/a>) Firmada y cumplimentada por todos los miembros mayores de edad de la Unidad de Convivencia.<\/p>\n\n\n\n<p class=\"has-black-color has-text-color has-link-color wp-elements-7339bae5b347d6e158409e76143f3090\">4.- <strong>Certificado de Exclusi\u00f3n Social <\/strong>expedido por Trabajo Social y que ser\u00e1 solicitado previamente en el Registro del Ayuntamiento de C\u00fallar Vega. Se recomienda adjuntar este documento ya que suelen solicitarlo tras una primera revisi\u00f3n con lo que se ahorrar\u00eda tiempo el adjuntarlo. En caso de que no haya convivencia con otros miembros de la vivienda, deber\u00e1 constar en dicho documento dicha situaci\u00f3n.<\/p>\n\n\n\n<p class=\"has-black-color has-text-color has-link-color wp-elements-bdff25e07ba2b2d3a66247fc7caacd83\">5.- <strong>N\u00famero de cuenta<\/strong>.<\/p>\n\n\n\n<p class=\"has-black-color has-text-color has-link-color wp-elements-14dab73a7af5c1daa06f456e3c8d800a\">6.- <strong>Declaraci\u00f3n de la Renta<\/strong> del \u00faltimo a\u00f1o para justificar los ingresos obtenidos en el pasado a\u00f1o.<\/p>\n\n\n\n<p class=\"has-black-color has-text-color has-link-color wp-elements-5fbd6c1fa062eaa1e73b9c9752f7573d\">7.- <strong>Valor Patrimonial Actual<\/strong>. Se puede obtener del valor catastral de las propiedades r\u00fasticas o inmuebles (excluyendo la vivienda habitual)<\/p>\n\n\n\n<div style=\"height:50px\" aria-hidden=\"true\" class=\"wp-block-spacer\"><\/div>\n\n\n\n<p class=\"has-text-align-center has-black-color has-text-color has-link-color wp-elements-e7ecd6e06cd50df9692cca6b677aa98b\">___________<\/p>\n\n\n\n<div style=\"height:50px\" aria-hidden=\"true\" class=\"wp-block-spacer\"><\/div>\n\n\n\n<h4 class=\"wp-block-heading has-vivid-red-color has-text-color has-link-color wp-elements-a1672b9965aeac03157d9a050fe5d1bb\"><strong>DOCUMENTOS A PRESENTAR EN FUNCI\u00d3N DE LA SITUACI\u00d3N DEL SOLICITANTE<\/strong><\/h4>\n\n\n\n<p class=\"has-black-color has-text-color has-link-color wp-elements-2a11e1a89c024d6fb4574d53d0d0cbe7\"><strong>&#8211; <\/strong>En el supuesto que haya hij@s hay que acreditar la existencia de Unidad de Convivencia con el <strong>Libro de Familia <\/strong>o partida de nacimiento<\/p>\n\n\n\n<p class=\"has-black-color has-text-color has-link-color wp-elements-07def548dd775dc82d692882ab84f1a7\">&#8211; En el supuesto de que no exista <strong>pareja de hecho<\/strong> hay que presentar declaraci\u00f3n jurada (<a href=\"https:\/\/www.cullarvega.com\/guia-local\/wp-content\/uploads\/2024\/11\/declaracion-no-pareja-de-hecho.pdf\" target=\"_blank\" rel=\"noreferrer noopener\">Descargar modelo a cumplimentar<\/a>)<\/p>\n\n\n\n<p class=\"has-black-color has-text-color has-link-color wp-elements-e556c68a2a05efd30a7275320336c337\">&#8211; En el supuesto de <strong>Acogimiento <\/strong>de un menor: resoluci\u00f3n judicial o administrativa que lo acredite.&nbsp;<\/p>\n\n\n\n<p class=\"has-black-color has-text-color has-link-color wp-elements-9e5d254356a531c2496c9bac4b2ee629\">&#8211; En caso de discapacidad: sentencia de <strong>incapacitaci\u00f3n <\/strong>judicial.<\/p>\n\n\n\n<p class=\"has-black-color has-text-color has-link-color wp-elements-070987118c47c0c02d83e14e3271032a\">&#8211; En el caso de ser <strong>soltero\/a <\/strong>o <strong>divorciado\/a<\/strong>: declaraci\u00f3n jurada que as\u00ed lo acredite (<a href=\"https:\/\/www.cullarvega.com\/guia-local\/wp-content\/uploads\/2024\/11\/declaracion-estado-civil.pdf\" target=\"_blank\" rel=\"noreferrer noopener\">Descargar modelo a cumplimentar<\/a>)<\/p>\n\n\n\n<p class=\"has-black-color has-text-color has-link-color wp-elements-f7d205c045be90cc169a75bbbd77fe5d\">&#8211; En supuestos de<strong> Separaci\u00f3n Judicial <\/strong>o <strong>Divorcio<\/strong>: sentencia judicial y en su caso convenio regulador sellado por el juzgado.<\/p>\n\n\n\n<p class=\"has-black-color has-text-color has-link-color wp-elements-2beccfa69c00fe7f3ade0f79043a5ff2\">&#8211; En el supuesto de <strong>Separaci\u00f3n de Hecho<\/strong> o si la separaci\u00f3n o el <strong>Divorcio <\/strong>est\u00e1 en<strong> tr\u00e1mite<\/strong>: copia diligenciada por el Juzgado de la demanda de separaci\u00f3n o divorcio o copia de la denuncia de abandono del hogar familiar o convenio regulador sellado y diligenciado por el Juzgado o testimonio de la aprobaci\u00f3n judicial de las medidas provisionales en que se acuerde la guarda y custodia.<\/p>\n\n\n\n<p class=\"has-black-color has-text-color has-link-color wp-elements-23f615d3ed2df1f56ba6514d37ccc8d5\">&#8211; En el supuesto sentencia de <strong>Pensi\u00f3n Compensatoria o Alimenticia<\/strong>: declaraci\u00f3n responsable de no percibir pensi\u00f3n de alimentos. (<a href=\"https:\/\/www.cullarvega.com\/guia-local\/wp-content\/uploads\/2024\/11\/declaracion-jurada-pension-alimentos.pdf\" target=\"_blank\" rel=\"noreferrer noopener\">Descargar modelo a cumplimentar<\/a>)<\/p>\n\n\n\n<p class=\"has-black-color has-text-color has-link-color wp-elements-f96f7506b66ac558826cd71c6edb9cca\">&#8211; En el supuesto de <strong>Parejas de Hecho<\/strong> en las que <strong>No Exista Convivencia<\/strong>: documento judicial que atribuya la guarda y custodia de los hijos comunes a un determinado progenitor o a ambos de forma compartida.<\/p>\n\n\n\n<p class=\"has-black-color has-text-color has-link-color wp-elements-ccadfe5181b7890862bbe71ec0c380a1\">&#8211; En el supuesto de situaci\u00f3n de <strong>Violencia de G\u00e9nero:<\/strong> sentencia condenatoria por delito de violencia de g\u00e9nero, Orden de protecci\u00f3n o medidas cautelares, Informe del Ministerio Fiscal o Informe de servicios sociales, servicios especializados o servicios de acogida.<\/p>\n\n\n\n<p class=\"has-black-color has-text-color has-link-color wp-elements-a6301f5f6876cadcc5a2f62920272d4a\">&#8211; En el supuesto de<strong> V\u00edctimas de Trata de seres humanos y explotaci\u00f3n Sexual:<\/strong> informe emitido por los servicios p\u00fablicos y\/o servicios sociales encargados de la atenci\u00f3n integral a estas v\u00edctimas.<\/p>\n\n\n\n<p class=\"has-black-color has-text-color has-link-color wp-elements-641c719b18fba46f7a44fc4b40a0a98b\">\u2013 En el supuesto de <strong>menor Emancipado:<\/strong> acreditaci\u00f3n mediante documento p\u00fablico, resoluci\u00f3n judicial o certificado del Registro Civil.<\/p>\n\n\n\n<div style=\"height:50px\" aria-hidden=\"true\" class=\"wp-block-spacer\"><\/div>\n\n\n\n<p class=\"has-text-align-center has-black-color has-text-color has-link-color wp-elements-e7ecd6e06cd50df9692cca6b677aa98b\">___________<\/p>\n\n\n\n<div style=\"height:50px\" aria-hidden=\"true\" class=\"wp-block-spacer\"><\/div>\n\n\n\n<h4 class=\"wp-block-heading has-black-color has-text-color has-link-color wp-elements-5beee4f327e825fa36c3cb4885ff5d00\"><strong>DESCARGAS <\/strong><\/h4>\n\n\n\n<ul class=\"wp-block-list has-black-color has-text-color has-link-color wp-elements-3d8a013226373e5dcdb3ee5c930fee4b\">\n<li><strong>Declaraci\u00f3n<\/strong> <strong>de<\/strong> <strong>Voluntad<\/strong>: <a href=\"https:\/\/www.cullarvega.com\/guia-local\/wp-content\/uploads\/2024\/11\/declaracion-de-voluntad.pdf\" target=\"_blank\" rel=\"noreferrer noopener\">Descarga<\/a><\/li>\n<\/ul>\n\n\n\n<ul class=\"wp-block-list has-black-color has-text-color has-link-color wp-elements-f52e14b8fe28db68cf8e255c74f32ae0\">\n<li>Declaraci\u00f3n Jurada del <strong>Estado Civil: <\/strong><a href=\"https:\/\/www.cullarvega.com\/guia-local\/wp-content\/uploads\/2024\/11\/declaracion-estado-civil.pdf\" target=\"_blank\" rel=\"noreferrer noopener\">Descarga<\/a><\/li>\n<\/ul>\n\n\n\n<ul class=\"wp-block-list has-black-color has-text-color has-link-color wp-elements-fb941ecc92547800980177812b2b34bc\">\n<li>Declaraci\u00f3n Jurada de no ser <strong>Pareja de Hecho<\/strong>: <a href=\"https:\/\/www.cullarvega.com\/guia-local\/wp-content\/uploads\/2024\/11\/declaracion-no-pareja-de-hecho.pdf\" target=\"_blank\" rel=\"noreferrer noopener\">Descarga<\/a><\/li>\n<\/ul>\n\n\n\n<ul class=\"wp-block-list has-black-color has-text-color has-link-color wp-elements-438a50572c3f0a31e4f33e6d9eace58e\">\n<li>Declaraci\u00f3n Jurada de no recibir <strong>Pensi\u00f3n de Alimentos<\/strong>: <a href=\"https:\/\/www.cullarvega.com\/guia-local\/wp-content\/uploads\/2024\/11\/declaracion-jurada-pension-alimentos.pdf\" target=\"_blank\" rel=\"noreferrer noopener\">Descarga<\/a><\/li>\n<\/ul>\n\n\n\n<div style=\"height:50px\" aria-hidden=\"true\" class=\"wp-block-spacer\"><\/div>\n\n\n\n<p class=\"has-text-align-center has-black-color has-text-color has-link-color wp-elements-e7ecd6e06cd50df9692cca6b677aa98b\">___________<\/p>\n\n\n\n<div style=\"height:50px\" aria-hidden=\"true\" class=\"wp-block-spacer\"><\/div>\n\n\n\n<h4 class=\"wp-block-heading has-text-align-center has-black-color has-text-color has-link-color wp-elements-0f1a9431afc539297b1b44e279f02b80\"><strong>CUANDO USTED TENGA LOS DOCUMENTOS NECESARIOS, SOLICITE <mark style=\"background-color:rgba(0, 0, 0, 0)\" class=\"has-inline-color has-vivid-red-color\">3 CITAS CONSECUTIVAS<\/mark> EN EL D\u00cdA Y HORA QUE <\/strong>LE INTERESE:<\/h4>\n\n\n<!--\nPlugin Name: Bookly - Responsive WordPress Appointment Booking and Scheduling Plugin\nPlugin URI: https:\/\/www.booking-wp-plugin.com\/?utm_source=bookly_admin&utm_medium=plugins_page&utm_campaign=plugins_page\nVersion: 27.5-->\n<style type=\"text\/css\">\n    :root {\n        --bookly-main-color: #000000 !important;\n        --bookly-color: #000000 !important;\n    }\n\n    <\/style><div class=\"bookly-css-root\">\n    <div id=\"bookly-form-container-69f4b114b9a3b\" class=\"bookly-form\" data-form_id=\"\" aria-live=\"polite\">\n        <div style=\"text-align: center\"><img decoding=\"async\" src=\"https:\/\/www.cullarvega.com\/guia-local\/wp-includes\/js\/tinymce\/skins\/lightgray\/img\/loader.gif\" alt=\"Cargando ...\"\/><\/div>\n    <\/div>\n<\/div>\n<script type=\"text\/javascript\">\n    (function (win, fn) {\n        var done = false, top = true,\n            doc = win.document,\n            root = doc.documentElement,\n            modern = doc.addEventListener,\n            add = modern ? 'addEventListener' : 'attachEvent',\n            rem = modern ? 'removeEventListener' : 'detachEvent',\n            pre = modern ? '' : 'on',\n            init = function (e) {\n                if (e.type == 'readystatechange') if (doc.readyState != 'complete') return;\n                (e.type == 'load' ? win : doc)[rem](pre + e.type, init, false);\n                if (!done) {\n                    done = true;\n                    fn.call(win, e.type || e);\n                }\n            },\n            poll = function () {\n                try {\n                    root.doScroll('left');\n                } catch (e) {\n                    setTimeout(poll, 50);\n                    return;\n                }\n                init('poll');\n            };\n        if (doc.readyState == 'complete') fn.call(win, 'lazy');\n        else {\n            if (!modern) if (root.doScroll) {\n                try {\n                    top = !win.frameElement;\n                } catch (e) {\n                }\n                if (top) poll();\n            }\n            doc[add](pre + 'DOMContentLoaded', init, false);\n            doc[add](pre + 'readystatechange', init, false);\n            win[add](pre + 'load', init, false);\n        }\n    })(window, function () {\n        window.bookly( {\"form_id\":\"69f4b114b9a3b\",\"form_data\":{\"skip_service_step\":1,\"hide_service_part1\":1,\"hide_service_part2\":1,\"defaults\":{\"service_id\":6,\"staff_id\":1,\"location_id\":0,\"category_id\":2,\"units\":0,\"date_from\":0,\"time_from\":0,\"time_to\":0}},\"status\":{\"booking\":\"new\"},\"form_token\":null,\"skip_steps\":{\"service_part1\":1,\"service_part2\":1,\"extras\":1,\"time\":0,\"repeat\":1,\"cart\":1},\"errors\":{\"session_error\":\"Error de sesi\\u00f3n.\",\"form_id_error\":\"Error Identificaci\\u00f3n formulario.\",\"cart_item_not_available\":\"La hora seleccionada ya no est\\u00e1 disponible. Por favor elije otro intervalo de hora.\",\"pay_locally_not_available\":\"Pagu\\u00e9 no est\\u00e1 disponible.\",\"invalid_gateway\":\"Puerta de enlace no es v\\u00e1lido.\",\"payment_error\":\"Error.\",\"incorrect_username_password\":\"Nombre de usuario o contrase\\u00f1a incorrectos.\"},\"form_attributes\":{\"hide_categories\":true,\"hide_services\":true,\"hide_staff_members\":true,\"show_number_of_persons\":false,\"hide_service_duration\":true,\"hide_locations\":true,\"hide_quantity\":true,\"hide_date\":true,\"hide_week_days\":true,\"hide_time_range\":true,\"const_category_id\":2},\"use_client_time_zone\":1,\"defaults\":{\"service_id\":6,\"staff_id\":1,\"location_id\":0,\"category_id\":2},\"datepicker_mode\":\"text-accent\"} );\n    });\n<\/script>\n\n\n\n<div class=\"wp-block-buttons is-layout-flex wp-block-buttons-is-layout-flex\">\n<div class=\"wp-block-button is-style-outline is-style-outline--1\"><a class=\"wp-block-button__link wp-element-button\" href=\"https:\/\/www.cullarvega.com\/guia-local\/citas-previas-guadalinfo-cullar-vega\/\"><mark style=\"background-color:rgba(0, 0, 0, 0)\" class=\"has-inline-color has-white-color\">&lt; Men\u00fa Principal<\/mark><\/a><\/div>\n<\/div>\n\n\n\n<div style=\"height:100px\" aria-hidden=\"true\" class=\"wp-block-spacer\"><\/div>\n","protected":false},"excerpt":{"rendered":"<p>REQUISITOS PARA SOLICITAR EL INGRESO M\u00cdNIMO VITAL El Ingreso M\u00ednimo Vital se conforma como una ayuda a nivel de unidad de convivencia, es decir, personas que viven en el mismo domicilio y que tienen un v\u00ednculo familiar. &#8211; Tener residencia legal y efectiva en Espa\u00f1a de forma continuada durante el \u00faltimo a\u00f1o. &#8211; Tener renta y patrimonio por debajo de<\/p>\n<div class=\"h10\"><\/div>\n<p><a class=\"more-link2 flat\" href=\"https:\/\/www.cullarvega.com\/guia-local\/cita-previa-punto-vuela\/ingreso-minimo-vital\/\">Read more<\/a><\/p>\n","protected":false},"author":1,"featured_media":0,"parent":1349,"menu_order":0,"comment_status":"closed","ping_status":"closed","template":"geodirectory.php","meta":{"footnotes":""},"class_list":["post-2009","page","type-page","status-publish","hentry"],"_links":{"self":[{"href":"https:\/\/www.cullarvega.com\/guia-local\/wp-json\/wp\/v2\/pages\/2009","targetHints":{"allow":["GET"]}}],"collection":[{"href":"https:\/\/www.cullarvega.com\/guia-local\/wp-json\/wp\/v2\/pages"}],"about":[{"href":"https:\/\/www.cullarvega.com\/guia-local\/wp-json\/wp\/v2\/types\/page"}],"author":[{"embeddable":true,"href":"https:\/\/www.cullarvega.com\/guia-local\/wp-json\/wp\/v2\/users\/1"}],"replies":[{"embeddable":true,"href":"https:\/\/www.cullarvega.com\/guia-local\/wp-json\/wp\/v2\/comments?post=2009"}],"version-history":[{"count":0,"href":"https:\/\/www.cullarvega.com\/guia-local\/wp-json\/wp\/v2\/pages\/2009\/revisions"}],"up":[{"embeddable":true,"href":"https:\/\/www.cullarvega.com\/guia-local\/wp-json\/wp\/v2\/pages\/1349"}],"wp:attachment":[{"href":"https:\/\/www.cullarvega.com\/guia-local\/wp-json\/wp\/v2\/media?parent=2009"}],"curies":[{"name":"wp","href":"https:\/\/api.w.org\/{rel}","templated":true}]}}